{"id":2131,"date":"2020-07-30T15:30:37","date_gmt":"2020-07-30T15:30:37","guid":{"rendered":"http:\/\/www.stiv.es\/politica-de-privacidad\/"},"modified":"2025-01-17T09:34:09","modified_gmt":"2025-01-17T07:34:09","slug":"politica-de-privacitat","status":"publish","type":"page","link":"https:\/\/stiv.cat\/ca\/politica-de-privacitat\/","title":{"rendered":"Pol\u00edtica de privacitat"},"content":{"rendered":"<p><strong>Dades relatives al <\/strong><b>Responsable del Tractament de dades<\/b><b><br \/>\n<\/b><\/p>\n<p data-pm-slice=\"1 1 []\">Entitat: SERVEIS TECNICS INDUSTRIALS DEL VALLES SL<br \/>\nCIF: B58981697<br \/>\nDirecci\u00f3: CARRER IND\u00daSTRIA, 101 &#8211; (08420) CANOVELLES<br \/>\nE-mail: <a>recepcio@stiv.cat<\/a><br \/>\nResponsable del tractament: PERE CANALS MASLLORENS<br \/>\nTel\u00e8fon del Responsable: 649252645<br \/>\nE-mail del Responsable del tractament: <a>recepcio@stiv.cat<\/a><\/p>\n<p><strong>Finalitats<br \/>\n<\/strong><\/p>\n<p data-pm-slice=\"1 1 []\">En compliment del que disposa el Reglament Europeu 2016\/679 General de Protecci\u00f3 de Dades i la Llei Org\u00e0nica 3\/2018 de Protecci\u00f3 de Dades Personals i Garantia de Drets Digitals, l&#8217;informem que, depenent de la relaci\u00f3 que tingui amb nosaltres, a SERVEIS T\u00c8CNICS INDUSTRIALS DEL VALL\u00c8S, S.L. tractem les dades que ens facilita per a alguna, o totes, les seg\u00fcents finalitats:<\/p>\n<ul>\n<li>Compra \/ venda de material.<\/li>\n<li>Creaci\u00f3 de contractes, confecci\u00f3 de n\u00f2mines i altres tasques relacionades.<\/li>\n<li>Gesti\u00f3 comptable, administrativa, de facturaci\u00f3, de cobraments i pagaments.<\/li>\n<li>Manteniment de la relaci\u00f3 amb l&#8217;entitat.<\/li>\n<li>Manteniment de la relaci\u00f3 laboral i contraprestaci\u00f3 pels treballs realitzats.<\/li>\n<li>Donar un servei.<\/li>\n<li>Realitzaci\u00f3 de la declaraci\u00f3 de la renda i altres treballs derivats d&#8217;activitats d&#8217;assessories \/ gestories.<\/li>\n<li>Realitzar comandes.<\/li>\n<li>Realitzar un proc\u00e9s de selecci\u00f3 de personal en funci\u00f3 de les capacitats, aptituds i altres dades d&#8217;inter\u00e8s inclosos en el curr\u00edculum.<\/li>\n<li>Recepci\u00f3 de la prestaci\u00f3 d&#8217;un servei.<\/li>\n<li>Tramitaci\u00f3 d&#8217;altes i baixes per malaltia comuna o accident laboral.<\/li>\n<li>Tramitaci\u00f3 de pressupostos.<\/li>\n<li>Utilitzaci\u00f3 de dades derivades de les activitats de l&#8217;empresa.<\/li>\n<\/ul>\n<p><strong>Termini de conservaci\u00f3 dels dadas<br \/>\n<\/strong><\/p>\n<p data-pm-slice=\"1 1 []\">Les seves dades seran conservades mentre duri la relaci\u00f3 contractual, comercial o d&#8217;un altre tipus amb la nostra entitat, o fins que sol\u00b7liciti la seva supressi\u00f3. A m\u00e9s, seran conservades durant el temps necessari per complir les obligacions legals.<\/p>\n<p><strong>Legitimaci\u00f3<br \/>\n<\/strong><\/p>\n<p data-pm-slice=\"1 1 []\">La base legal per al tractament de les seves dades rau en:<\/p>\n<ul>\n<li>Consentiment inequ\u00edvoc.<\/li>\n<li>Execuci\u00f3 d&#8217;un contracte.<\/li>\n<li>Inter\u00e8s leg\u00edtim per part de l&#8217;responsable del tractament.<\/li>\n<\/ul>\n<p><strong>Destinataris<br \/>\n<\/strong><\/p>\n<p data-pm-slice=\"1 1 []\">Les seves dades personals seran comunicades a tercers en els seg\u00fcents sup\u00f2sits:<\/p>\n<ul>\n<li>Administraci\u00f3 tribut\u00e0ria.<\/li>\n<li>Bancs i entitats financeres.<\/li>\n<li>Encarregats de destrucci\u00f3 de documentaci\u00f3.<\/li>\n<li>Entitats de Consultoria \/ Auditoria.<\/li>\n<li>Entitats inform\u00e0tiques de manteniment de programari i maquinari.<\/li>\n<li>Gestoria \/ Assessoria.<\/li>\n<li>Seguretat Social.<\/li>\n<li>Servei de Prevenci\u00f3 de Riscos Laborals.<\/li>\n<\/ul>\n<p><strong>Drets<br \/>\n<\/strong><\/p>\n<p data-pm-slice=\"1 1 []\">T\u00e9 dret a obtenir confirmaci\u00f3 sobre si a <strong>SERVEIS T\u00c8CNICS INDUSTRIALS DEL VALL\u00c8S, S.L.<\/strong> estem tractant dades personals que li concerneixin, o no.<\/p>\n<p>Aix\u00ed mateix, t\u00e9 dret a accedir a les seves dades personals, aix\u00ed com a sol\u00b7licitar la rectificaci\u00f3 de les dades inexactes o, si escau, sol\u00b7licitar-ne la supressi\u00f3 quan, entre d&#8217;altres motius, les dades ja no siguin necess\u00e0ries per als fins per als quals van ser recollides.<\/p>\n<p data-pm-slice=\"1 1 []\">En determinades circumst\u00e0ncies, podr\u00e0 sol\u00b7licitar la limitaci\u00f3 del tractament de les seves dades. En aquest cas, \u00fanicament les conservarem per a l&#8217;exercici o la defensa de reclamacions.<\/p>\n<p data-pm-slice=\"1 1 []\">Addicionalment, en determinades circumst\u00e0ncies i per motius relacionats amb la seva situaci\u00f3 particular, podr\u00e0 exercir el dret d&#8217;oposici\u00f3 al tractament de les seves dades. <strong>SERVEIS T\u00c8CNICS INDUSTRIALS DEL VALL\u00c8S, S.L<\/strong>. deixar\u00e0 de tractar les dades, excepte per motius leg\u00edtims imperiosos, o l&#8217;exercici o la defensa de possibles reclamacions.<\/p>\n<p data-pm-slice=\"1 1 []\">Tamb\u00e9 pot exercir el dret a la portabilitat de les dades, aix\u00ed com retirar els consentiments facilitats en qualsevol moment, sense que aix\u00f2 afecti la licitud del tractament basat en el consentiment previ a la seva retirada.<\/p>\n<p>Per exercir el seu dret d&#8217;<strong>Acc\u00e9s, Rectificaci\u00f3, Supressi\u00f3 (oblid), Limitaci\u00f3 del Tractament, Oposici\u00f3 o Portabilitat\u00a0<\/strong> fes clic <a href=\"https:\/\/intranet.laboralrgpd.com\/webApp\/clientes_derechos\/derechos-formulario.php?id_cliente=WFJ6K0x5MHA4VDlnWE15VHBRSkJmUT09\" target=\"_blank\" rel=\"noopener noreferrer\">aqu\u00ed<\/a><\/p>\n<p>Alternativament, tamb\u00e9 pot dirigir-se a nosaltres mitjan\u00e7ant correu postal a la seg\u00fcent adre\u00e7a: <strong>P.I\u00a0 Can Castells. CARRER IND\u00daSTRIA, 101 &#8211; (08420) CANOVELLES\u00a0<\/strong><\/p>\n<p data-pm-slice=\"1 1 []\">Finalment, l&#8217;informem que pot dirigir-se a l&#8217;Ag\u00e8ncia Espanyola de Protecci\u00f3 de Dades i altres organismes p\u00fablics competents per a qualsevol reclamaci\u00f3 derivada del tractament de les seves dades personals..<\/p>\n<p><strong>Politica de cookies<br \/>\n<\/strong><\/p>\n<p data-pm-slice=\"1 1 []\">Per con\u00e8ixer les galetes que utilitzem en la nostra p\u00e0gina, pot accedir a la nostra Pol\u00edtica de Cookies mitjan\u00e7ant el seg\u00fcent enlla\u00e7 <a href=\"https:\/\/intranet.laboralrgpd.com\/politicaCookies\/index.php?sid=WFJ6K0x5MHA4VDlnWE15VHBRSkJmUT09\" target=\"_blank\" rel=\"noopener noreferrer\"> pol\u00edtica de cookies <\/a>.<\/p>\n","protected":false},"excerpt":{"rendered":"<p>Dades relatives al Responsable del Tractament de dades Entitat: SERVEIS TECNICS INDUSTRIALS DEL VALLES SL CIF: B58981697 Direcci\u00f3: CARRER IND\u00daSTRIA, 101 &#8211; (08420) CANOVELLES E-mail: recepcio@stiv.cat Responsable del tractament: PERE CANALS MASLLORENS Tel\u00e8fon del Responsable: 649252645 E-mail del Responsable del tractament: recepcio@stiv.cat Finalitats En compliment del que disposa el Reglament Europeu 2016\/679 General de Protecci\u00f3 [&hellip;]<\/p>\n","protected":false},"author":1,"featured_media":0,"parent":0,"menu_order":0,"comment_status":"closed","ping_status":"open","template":"","meta":[],"yoast_head":"<!-- This site is optimized with the Yoast SEO Premium plugin v15.2 - https:\/\/yoast.com\/wordpress\/plugins\/seo\/ -->\n<title>Pol\u00edtica de privacitat - STIV<\/title>\n<meta name=\"description\" content=\"Politica de privacitat de STIV\" \/>\n<meta name=\"robots\" content=\"index, follow, max-snippet:-1, max-image-preview:large, max-video-preview:-1\" \/>\n<link rel=\"canonical\" href=\"https:\/\/stiv.cat\/ca\/politica-de-privacitat\/\" \/>\n<meta property=\"og:locale\" content=\"ca_ES\" \/>\n<meta property=\"og:type\" content=\"article\" \/>\n<meta property=\"og:title\" content=\"Pol\u00edtica de privacitat - STIV\" \/>\n<meta property=\"og:description\" content=\"Politica de privacitat de STIV\" \/>\n<meta property=\"og:url\" content=\"https:\/\/stiv.cat\/ca\/politica-de-privacitat\/\" \/>\n<meta property=\"og:site_name\" content=\"STIV\" \/>\n<meta property=\"article:modified_time\" content=\"2025-01-17T07:34:09+00:00\" \/>\n<meta name=\"twitter:card\" content=\"summary_large_image\" \/>\n<meta name=\"twitter:label1\" value=\"Escrit per\">\n\t<meta name=\"twitter:data1\" value=\"albert\">\n\t<meta name=\"twitter:label2\" value=\"Temps estimat de lectura\">\n\t<meta name=\"twitter:data2\" value=\"3 minuts\">\n<script type=\"application\/ld+json\" class=\"yoast-schema-graph\">{\"@context\":\"https:\/\/schema.org\",\"@graph\":[{\"@type\":\"WebSite\",\"@id\":\"https:\/\/stiv.cat\/ca\/#website\",\"url\":\"https:\/\/stiv.cat\/ca\/\",\"name\":\"STIV\",\"description\":\"Serveis T\\u00e8cnics Industrials del Vall\\u00e8s, S.L\",\"potentialAction\":[{\"@type\":\"SearchAction\",\"target\":\"https:\/\/stiv.cat\/ca\/?s={search_term_string}\",\"query-input\":\"required name=search_term_string\"}],\"inLanguage\":\"ca\"},{\"@type\":\"WebPage\",\"@id\":\"https:\/\/stiv.cat\/ca\/politica-de-privacitat\/#webpage\",\"url\":\"https:\/\/stiv.cat\/ca\/politica-de-privacitat\/\",\"name\":\"Pol\\u00edtica de privacitat - STIV\",\"isPartOf\":{\"@id\":\"https:\/\/stiv.cat\/ca\/#website\"},\"datePublished\":\"2020-07-30T15:30:37+00:00\",\"dateModified\":\"2025-01-17T07:34:09+00:00\",\"description\":\"Politica de privacitat de STIV\",\"inLanguage\":\"ca\",\"potentialAction\":[{\"@type\":\"ReadAction\",\"target\":[\"https:\/\/stiv.cat\/ca\/politica-de-privacitat\/\"]}]}]}<\/script>\n<!-- \/ Yoast SEO Premium plugin. -->","_links":{"self":[{"href":"https:\/\/stiv.cat\/ca\/wp-json\/wp\/v2\/pages\/2131"}],"collection":[{"href":"https:\/\/stiv.cat\/ca\/wp-json\/wp\/v2\/pages"}],"about":[{"href":"https:\/\/stiv.cat\/ca\/wp-json\/wp\/v2\/types\/page"}],"author":[{"embeddable":true,"href":"https:\/\/stiv.cat\/ca\/wp-json\/wp\/v2\/users\/1"}],"replies":[{"embeddable":true,"href":"https:\/\/stiv.cat\/ca\/wp-json\/wp\/v2\/comments?post=2131"}],"version-history":[{"count":0,"href":"https:\/\/stiv.cat\/ca\/wp-json\/wp\/v2\/pages\/2131\/revisions"}],"wp:attachment":[{"href":"https:\/\/stiv.cat\/ca\/wp-json\/wp\/v2\/media?parent=2131"}],"curies":[{"name":"wp","href":"https:\/\/api.w.org\/{rel}","templated":true}]}}