{"id":2135,"date":"2020-11-11T12:58:04","date_gmt":"2020-11-11T12:58:04","guid":{"rendered":"http:\/\/www.stiv.es\/aviso-legal\/"},"modified":"2025-01-17T12:07:10","modified_gmt":"2025-01-17T10:07:10","slug":"avis-legal","status":"publish","type":"page","link":"https:\/\/stiv.cat\/ca\/avis-legal\/","title":{"rendered":"Av\u00eds legal"},"content":{"rendered":"<h4><b>Objecte i acceptaci\u00f3<\/b><\/h4>\n<p>Aquest av\u00eds legal regula l&#8217;\u00fas del nostre lloc web, del qual \u00e9s titular <strong>SERVEIS T\u00c8CNICS INDUSTRIALS DEL VALL\u00c8S S.L<\/strong>. La navegaci\u00f3 pel lloc web de <strong>SERVEIS T\u00c8CNICS INDUSTRIALS DEL VALL\u00c8S S.L<\/strong> atorga la condici\u00f3 d&#8217;usuari i implica l&#8217;acceptaci\u00f3 plena i sense reserves de totes i cadascuna de les disposicions incloses en aquest Av\u00eds Legal, que poden ser objecte de modificaci\u00f3.<\/p>\n<p>L&#8217;usuari est\u00e0 obligat a fer un \u00fas correcte del lloc web, d&#8217;acord amb la legislaci\u00f3 vigent, la bona fe, l&#8217;ordre p\u00fablic, els usos del tr\u00e0fic i aquest Av\u00eds Legal. L&#8217;usuari ser\u00e0 responsable davant <strong>SERVEIS T\u00c8CNICS INDUSTRIALS DEL VALL\u00c8S S.L<\/strong> o tercers per qualsevol dany i perjudici que pugui causar com a conseq\u00fc\u00e8ncia de l&#8217;incompliment d&#8217;aquesta obligaci\u00f3.<\/p>\n<p>&nbsp;<\/p>\n<p><strong>Identificaci\u00f3 i comunicacions<\/strong><\/p>\n<p>En compliment de la Llei 34\/2002, d\u201911 de juliol, de serveis de la societat de la informaci\u00f3 i de comer\u00e7 electr\u00f2nic, <strong>SERVEIS T\u00c8CNICS INDUSTRIALS DEL VALL\u00c8S S.L<\/strong> facilita la seg\u00fcent informaci\u00f3:<\/p>\n<ul>\n<li><strong>Denominaci\u00f3 social:<\/strong> SERVEIS T\u00c8CNICS INDUSTRIALS DEL VALL\u00c8S S.L<\/li>\n<li><strong>CIF:<\/strong> B58981697<\/li>\n<li><strong>Adre\u00e7a registrada:<\/strong> CALLE IND\u00daSTRIA, 101 &#8211; (08420) CANOVELLES<\/li>\n<\/ul>\n<p>Per contactar amb nosaltres, podeu utilitzar els mitjans de comunicaci\u00f3 especificats a la nostra Pol\u00edtica de Privacitat.<\/p>\n<p>Totes les notificacions i comunicacions dirigides a <strong>SERVEIS T\u00c8CNICS INDUSTRIALS DEL VALL\u00c8S S.L<\/strong> es consideraran eficaces si es realitzen pels mitjans especificats.<\/p>\n<p>&nbsp;<\/p>\n<p><strong>Condicions d&#8217;acc\u00e9s i \u00fas<\/strong><\/p>\n<p>L&#8217;acc\u00e9s al lloc web i als seus serveis \u00e9s lliure. No obstant aix\u00f2, <strong>SERVEIS T\u00c8CNICS INDUSTRIALS DEL VALL\u00c8S S.L<\/strong> pot condicionar la utilitzaci\u00f3 d&#8217;alguns serveis a la pr\u00e8via complimentaci\u00f3 d&#8217;un formulari.<\/p>\n<p>L&#8217;usuari garanteix l&#8217;autenticitat i actualitat de totes les dades que comuniqui a <strong>SERVEIS T\u00c8CNICS INDUSTRIALS DEL VALL\u00c8S S.L<\/strong>, i ser\u00e0 l&#8217;\u00fanic responsable de les manifestacions falses o inexactes que faci.<\/p>\n<p>L&#8217;usuari es compromet expressament a fer un \u00fas adequat dels continguts i serveis de <strong>SERVEIS T\u00c8CNICS INDUSTRIALS DEL VALL\u00c8S S.L<\/strong> i a no utilitzar-los per:<\/p>\n<ul>\n<li>Difondre continguts delictius, violents, pornogr\u00e0fics, racistes, xen\u00f2fobs, ofensius, d\u2019apologia del terrorisme o, en general, contraris a la llei o a l\u2019ordre p\u00fablic.<\/li>\n<li>Introduir virus inform\u00e0tics o realitzar accions que alterin, danyin o interrompin els sistemes f\u00edsics i l\u00f2gics de <strong>SERVEIS T\u00c8CNICS INDUSTRIALS DEL VALL\u00c8S S.L<\/strong> o de tercers.<\/li>\n<li>Intentar accedir sense autoritzaci\u00f3 a \u00e0rees restringides o dades de <strong>SERVEIS T\u00c8CNICS INDUSTRIALS DEL VALL\u00c8S S.L<\/strong> o de tercers.<\/li>\n<li>Vulnerar drets de propietat intel\u00b7lectual o industrial.<\/li>\n<li>Suplantar la identitat d\u2019altres usuaris o de tercers.<\/li>\n<li>Recopilar dades amb finalitats publicit\u00e0ries sense consentiment previ.<\/li>\n<\/ul>\n<p>Tots els continguts del lloc web, inclosos textos, imatges, gr\u00e0fics, dissenys, codi font i marques, s\u00f3n propietat de <strong>SERVEIS T\u00c8CNICS INDUSTRIALS DEL VALL\u00c8S S.L<\/strong> i estan protegits per la legislaci\u00f3 sobre propietat intel\u00b7lectual. L&#8217;\u00fas no autoritzat d\u2019aquests est\u00e0 prohibit.<\/p>\n<p>&nbsp;<\/p>\n<p><strong>Hipervincles<\/strong><\/p>\n<p>L&#8217;establiment d&#8217;hipervincles no implica en cap cas l&#8217;exist\u00e8ncia de relacions entre <strong>SERVEIS T\u00c8CNICS INDUSTRIALS DEL VALL\u00c8S S.L<\/strong> i el propietari del lloc web en qu\u00e8 s\u2019estableixi. Es requereix autoritzaci\u00f3 pr\u00e8via i per escrit per establir hipervincles.<\/p>\n<p>&nbsp;<\/p>\n<p><strong>Exclusi\u00f3 de garanties i responsabilitat<\/strong><\/p>\n<p>Fins on la legislaci\u00f3 ho permeti, <strong>SERVEIS T\u00c8CNICS INDUSTRIALS DEL VALL\u00c8S SL<\/strong> exclou qualsevol responsabilitat per:<\/p>\n<ul>\n<li>La impossibilitat d\u2019acc\u00e9s al lloc web o la manca de veracitat dels seus continguts.<\/li>\n<li>La pres\u00e8ncia de virus o elements nocius en els continguts.<\/li>\n<li>L&#8217;\u00fas inadequat del lloc web o l&#8217;incompliment d\u2019aquest Av\u00eds Legal.<\/li>\n<\/ul>\n<p>&nbsp;<\/p>\n<p><strong>Procediment en cas d&#8217;activitats il\u00b7l\u00edcites<\/strong><\/p>\n<p>Si l\u2019usuari considera que hi ha continguts o activitats il\u00b7l\u00edcites al lloc web, haur\u00e0 de notificar-ho a <strong>SERVEIS T\u00c8CNICS INDUSTRIALS DEL VALL\u00c8S SL<\/strong> amb la informaci\u00f3 pertinent.<\/p>\n<p>La legislaci\u00f3 espanyola ser\u00e0 aplicable a qualsevol controv\u00e8rsia relacionada amb aquest lloc web, amb jurisdicci\u00f3 als jutjats i tribunals propers a la seu social de l&#8217;empresa.<\/p>\n<p>&nbsp;<\/p>\n","protected":false},"excerpt":{"rendered":"<p>Objecte i acceptaci\u00f3 Aquest av\u00eds legal regula l&#8217;\u00fas del nostre lloc web, del qual \u00e9s titular SERVEIS T\u00c8CNICS INDUSTRIALS DEL VALL\u00c8S S.L. La navegaci\u00f3 pel lloc web de SERVEIS T\u00c8CNICS INDUSTRIALS DEL VALL\u00c8S S.L atorga la condici\u00f3 d&#8217;usuari i implica l&#8217;acceptaci\u00f3 plena i sense reserves de totes i cadascuna de les disposicions incloses en aquest [&hellip;]<\/p>\n","protected":false},"author":1,"featured_media":0,"parent":0,"menu_order":0,"comment_status":"closed","ping_status":"open","template":"","meta":[],"yoast_head":"<!-- This site is optimized with the Yoast SEO Premium plugin v15.2 - https:\/\/yoast.com\/wordpress\/plugins\/seo\/ -->\n<title>Av\u00eds legal - STIV<\/title>\n<meta name=\"robots\" content=\"index, follow, max-snippet:-1, max-image-preview:large, max-video-preview:-1\" \/>\n<link rel=\"canonical\" href=\"https:\/\/stiv.cat\/ca\/avis-legal\/\" \/>\n<meta property=\"og:locale\" content=\"ca_ES\" \/>\n<meta property=\"og:type\" content=\"article\" \/>\n<meta property=\"og:title\" content=\"Av\u00eds legal - STIV\" \/>\n<meta property=\"og:description\" content=\"Objecte i acceptaci\u00f3 Aquest av\u00eds legal regula l&#8217;\u00fas del nostre lloc web, del qual \u00e9s titular SERVEIS T\u00c8CNICS INDUSTRIALS DEL VALL\u00c8S S.L. La navegaci\u00f3 pel lloc web de SERVEIS T\u00c8CNICS INDUSTRIALS DEL VALL\u00c8S S.L atorga la condici\u00f3 d&#8217;usuari i implica l&#8217;acceptaci\u00f3 plena i sense reserves de totes i cadascuna de les disposicions incloses en aquest [&hellip;]\" \/>\n<meta property=\"og:url\" content=\"https:\/\/stiv.cat\/ca\/avis-legal\/\" \/>\n<meta property=\"og:site_name\" content=\"STIV\" \/>\n<meta property=\"article:modified_time\" content=\"2025-01-17T10:07:10+00:00\" \/>\n<meta name=\"twitter:card\" content=\"summary_large_image\" \/>\n<meta name=\"twitter:label1\" value=\"Escrit per\">\n\t<meta name=\"twitter:data1\" value=\"albert\">\n\t<meta name=\"twitter:label2\" value=\"Temps estimat de lectura\">\n\t<meta name=\"twitter:data2\" value=\"3 minuts\">\n<script type=\"application\/ld+json\" class=\"yoast-schema-graph\">{\"@context\":\"https:\/\/schema.org\",\"@graph\":[{\"@type\":\"WebSite\",\"@id\":\"https:\/\/stiv.cat\/ca\/#website\",\"url\":\"https:\/\/stiv.cat\/ca\/\",\"name\":\"STIV\",\"description\":\"Serveis T\\u00e8cnics Industrials del Vall\\u00e8s, S.L\",\"potentialAction\":[{\"@type\":\"SearchAction\",\"target\":\"https:\/\/stiv.cat\/ca\/?s={search_term_string}\",\"query-input\":\"required name=search_term_string\"}],\"inLanguage\":\"ca\"},{\"@type\":\"WebPage\",\"@id\":\"https:\/\/stiv.cat\/ca\/avis-legal\/#webpage\",\"url\":\"https:\/\/stiv.cat\/ca\/avis-legal\/\",\"name\":\"Av\\u00eds legal - STIV\",\"isPartOf\":{\"@id\":\"https:\/\/stiv.cat\/ca\/#website\"},\"datePublished\":\"2020-11-11T12:58:04+00:00\",\"dateModified\":\"2025-01-17T10:07:10+00:00\",\"inLanguage\":\"ca\",\"potentialAction\":[{\"@type\":\"ReadAction\",\"target\":[\"https:\/\/stiv.cat\/ca\/avis-legal\/\"]}]}]}<\/script>\n<!-- \/ Yoast SEO Premium plugin. -->","_links":{"self":[{"href":"https:\/\/stiv.cat\/ca\/wp-json\/wp\/v2\/pages\/2135"}],"collection":[{"href":"https:\/\/stiv.cat\/ca\/wp-json\/wp\/v2\/pages"}],"about":[{"href":"https:\/\/stiv.cat\/ca\/wp-json\/wp\/v2\/types\/page"}],"author":[{"embeddable":true,"href":"https:\/\/stiv.cat\/ca\/wp-json\/wp\/v2\/users\/1"}],"replies":[{"embeddable":true,"href":"https:\/\/stiv.cat\/ca\/wp-json\/wp\/v2\/comments?post=2135"}],"version-history":[{"count":0,"href":"https:\/\/stiv.cat\/ca\/wp-json\/wp\/v2\/pages\/2135\/revisions"}],"wp:attachment":[{"href":"https:\/\/stiv.cat\/ca\/wp-json\/wp\/v2\/media?parent=2135"}],"curies":[{"name":"wp","href":"https:\/\/api.w.org\/{rel}","templated":true}]}}