{"id":3,"date":"2020-07-30T15:30:37","date_gmt":"2020-07-30T15:30:37","guid":{"rendered":"http:\/\/stiv.bcntic.com\/?page_id=3"},"modified":"2025-01-17T10:01:25","modified_gmt":"2025-01-17T08:01:25","slug":"politica-de-privacidad","status":"publish","type":"page","link":"https:\/\/stiv.cat\/es\/politica-de-privacidad\/","title":{"rendered":"Pol\u00edtica de privacidad"},"content":{"rendered":"<p><b>Responsable Tratamiento<\/b><\/p>\n<p><b><\/b>Entidad: SERVEIS TECNICS INDUSTRIALS DEL VALL\u00c8S SL<br \/>\nCIF de la entidad: B58981697<br \/>\nDirecci\u00f3n de la entidad: CALLE IND\u00daSTRIA, 101 &#8211; (08420) CANOVELLES<br \/>\nEmail de la entidad: <a>recepcio@stiv.cat<br \/>\n<\/a>Responsable del tratamiento : PERE CANALS MASLLORENS<br \/>\nTel\u00e9fono del Responsable del tratamiento : 649252645<br \/>\nDirecci\u00f3n email del Responsable del tratamiento : <a>recepcio@stiv.cat<\/a><\/p>\n<p><strong>Finalidades<br \/>\n<\/strong><\/p>\n<p data-pm-slice=\"1 1 []\">En cumplimiento de lo dispuesto en el Reglamento Europeo 2016\/679 General de Protecci\u00f3n de Datos y la Ley Org\u00e1nica 3\/2018 de Protecci\u00f3n de Datos Personales y Garant\u00eda de Derechos Digitales, le informamos de que, dependiendo de la relaci\u00f3n que tenga con nosotros, en<strong> SERVEIS T\u00c8CNICS INDUSTRIALS DEL VALL\u00c8S, S.L.<\/strong> tratamos los datos que nos facilita para alguna, o todas, las siguientes finalidades:<\/p>\n<ul>\n<li>Compra\/venta de material.<\/li>\n<li>Creaci\u00f3n de contratos, confecci\u00f3n de n\u00f3minas y otras tareas relacionadas.<\/li>\n<li>Gesti\u00f3n contable, administrativa, de facturaci\u00f3n, de cobros y pagos.<\/li>\n<li>Mantenimiento de la relaci\u00f3n con la entidad.<\/li>\n<li>Mantenimiento de la relaci\u00f3n laboral y contra-prestaci\u00f3n por los trabajos realizados.<\/li>\n<li>Prestarles un servicio.<\/li>\n<li>Realizaci\u00f3n de la declaraci\u00f3n de la renta y otros trabajos derivados de actividades asesoras\/gestoras.<\/li>\n<li>Realizar pedidos.<\/li>\n<li>Realizar un proceso de selecci\u00f3n de personal en funci\u00f3n de las capacidades, aptitudes y otros datos de inter\u00e9s incluidos en el curr\u00edculum.<\/li>\n<li>Recepci\u00f3n de la prestaci\u00f3n de un servicio.<\/li>\n<li>Tramitaci\u00f3n de altas y bajas por enfermedad com\u00fan o accidente laboral.<\/li>\n<li>Tramitaci\u00f3n de presupuestos.<\/li>\n<li>Utilizaci\u00f3n de datos derivados de las actividades de la empresa.<\/li>\n<\/ul>\n<p><strong>Plazo de conservaci\u00f3n de los datos<br \/>\n<\/strong><\/p>\n<p data-pm-slice=\"1 1 []\">Sus datos ser\u00e1n conservados mientras dure la relaci\u00f3n contractual, comercial o de otro tipo con nuestra entidad, o hasta que solicite su supresi\u00f3n. Adem\u00e1s, ser\u00e1n conservados durante el tiempo necesario para cumplir las obligaciones legales.<\/p>\n<p><strong>Legitimaci\u00f3n<br \/>\n<\/strong><\/p>\n<p data-pm-slice=\"1 1 []\">La base legal para el tratamiento de sus datos radica en:<\/p>\n<ul>\n<li>Consentimiento inequ\u00edvoco<\/li>\n<li>Ejecuci\u00f3n de un contrato<\/li>\n<li>Inter\u00e9s leg\u00edtimo por parte del responsable del tratamiento<\/li>\n<\/ul>\n<p><strong>Destinatarios<br \/>\n<\/strong><\/p>\n<p data-pm-slice=\"1 1 []\">Sus datos personales ser\u00e1n comunicados a terceros en los siguientes supuestos:<\/p>\n<ul>\n<li>Administraci\u00f3n tributaria<\/li>\n<li>Bancos y entidades financieras<\/li>\n<li>Encargados de destrucci\u00f3n de documentaci\u00f3n<\/li>\n<li>Entidades de Consultor\u00eda\/Auditor\u00eda<\/li>\n<li>Entidades inform\u00e1ticas de mantenimiento de software y hardware<\/li>\n<li>Gestor\u00eda\/Asesor\u00eda<\/li>\n<li>Seguridad social<\/li>\n<li>Servicio de Prevenci\u00f3n de Riesgos Laborales<\/li>\n<\/ul>\n<p><strong>Derechos<br \/>\n<\/strong><\/p>\n<p data-pm-slice=\"1 1 []\">Tiene derecho a obtener confirmaci\u00f3n sobre si en <strong>SERVEIS T\u00c8CNICS INDUSTRIALS DEL VALL\u00c8S, S.L.<\/strong> estamos tratando datos personales que le conciernan, o no.<\/p>\n<p data-pm-slice=\"1 1 []\">Asimismo, tiene derecho a acceder a sus datos personales, as\u00ed como a solicitar la rectificaci\u00f3n de los datos inexactos o, en su caso, solicitar su supresi\u00f3n cuando, entre otros motivos, los datos ya no sean necesarios para los fines para los que fueron recogidos.<\/p>\n<p data-pm-slice=\"1 1 []\">En determinadas circunstancias, podr\u00e1 solicitar la limitaci\u00f3n del tratamiento de sus datos. En este caso, \u00fanicamente los conservaremos para el ejercicio o la defensa de reclamaciones.<\/p>\n<p data-pm-slice=\"1 1 []\">Adicionalmente, en determinadas circunstancias y por motivos relacionados con su situaci\u00f3n particular, podr\u00e1 ejercer el derecho de oposici\u00f3n al tratamiento de sus datos. <strong>SERVEIS T\u00c8CNICS INDUSTRIALS DEL VALL\u00c8S, S.L.<\/strong> dejar\u00e1 de tratar los datos, salvo por motivos leg\u00edtimos imperiosos, o el ejercicio o la defensa de posibles reclamaciones.<\/p>\n<p data-pm-slice=\"1 1 []\">Tambi\u00e9n puede ejercer el derecho a la portabilidad de los datos, as\u00ed como retirar los consentimientos facilitados en cualquier momento, sin que ello afecte a la licitud del tratamiento basado en el consentimiento previo a su retirada.<\/p>\n<p>Para ejercer su derecho de <strong>Acceso, Rectificaci\u00f3n, Supresi\u00f3n (Olvido), Limitaci\u00f3n del Tratamiento, Oposici\u00f3n o Portabilidad<\/strong> haga clic <a href=\"https:\/\/intranet.laboralrgpd.com\/webApp\/clientes_derechos\/derechos-formulario.php?id_cliente=WFJ6K0x5MHA4VDlnWE15VHBRSkJmUT09\" target=\"_blank\" rel=\"noopener noreferrer\">aqu\u00ed<\/a><\/p>\n<p>Alternativamente, tambi\u00e9n puede dirigirse a nosotros mediante correo postal a la siguiente direcci\u00f3n: <strong>CALLE IND\u00daSTRIA, 101 &#8211; (08420) CANOVELLES<\/strong> adjuntado una fotocopia del DNI, para la certeza de su identidad. Recuerde facilitar la mayor informaci\u00f3n posible sobre su solicitud: Nombre y apellidos, direcci\u00f3n de correo electr\u00f3nico que utiliza para la cuenta o portal objeto de tu solicitud.<\/p>\n<p data-pm-slice=\"1 1 []\">Por \u00faltimo, le informamos que puede dirigirse ante la Agencia Espa\u00f1ola de Protecci\u00f3n de Datos y otros organismos p\u00fablicos competentes para cualquier reclamaci\u00f3n derivada del tratamiento de sus datos personales.<\/p>\n<p><strong>Pol\u00edtica de cookies<br \/>\n<\/strong><\/p>\n<p data-pm-slice=\"1 1 []\">Para conocer las cookies que utilizamos en nuestra p\u00e1gina, puede acceder a nuestra Pol\u00edtica de Cookies a trav\u00e9s del siguiente enlace: <a href=\"https:\/\/intranet.laboralrgpd.com\/politicaCookies\/index.php?sid=WFJ6K0x5MHA4VDlnWE15VHBRSkJmUT09\">Pol\u00edtica de Cookies<\/a>.<\/p>\n<p>&nbsp;<\/p>\n","protected":false},"excerpt":{"rendered":"<p>Responsable Tratamiento Entidad: SERVEIS TECNICS INDUSTRIALS DEL VALL\u00c8S SL CIF de la entidad: B58981697 Direcci\u00f3n de la entidad: CALLE IND\u00daSTRIA, 101 &#8211; (08420) CANOVELLES Email de la entidad: recepcio@stiv.cat Responsable del tratamiento : PERE CANALS MASLLORENS Tel\u00e9fono del Responsable del tratamiento : 649252645 Direcci\u00f3n email del Responsable del tratamiento : recepcio@stiv.cat Finalidades En cumplimiento de [&hellip;]<\/p>\n","protected":false},"author":1,"featured_media":0,"parent":0,"menu_order":0,"comment_status":"closed","ping_status":"open","template":"","meta":[],"yoast_head":"<!-- This site is optimized with the Yoast SEO Premium plugin v15.2 - https:\/\/yoast.com\/wordpress\/plugins\/seo\/ -->\n<title>Pol\u00edtica de privacidad - STIV<\/title>\n<meta name=\"robots\" content=\"index, follow, max-snippet:-1, max-image-preview:large, max-video-preview:-1\" \/>\n<link rel=\"canonical\" href=\"https:\/\/stiv.cat\/es\/politica-de-privacidad\/\" \/>\n<meta property=\"og:locale\" content=\"es_ES\" \/>\n<meta property=\"og:type\" content=\"article\" \/>\n<meta property=\"og:title\" content=\"Pol\u00edtica de privacidad - STIV\" \/>\n<meta property=\"og:description\" content=\"Responsable Tratamiento Entidad: SERVEIS TECNICS INDUSTRIALS DEL VALL\u00c8S SL CIF de la entidad: B58981697 Direcci\u00f3n de la entidad: CALLE IND\u00daSTRIA, 101 &#8211; (08420) CANOVELLES Email de la entidad: recepcio@stiv.cat Responsable del tratamiento : PERE CANALS MASLLORENS Tel\u00e9fono del Responsable del tratamiento : 649252645 Direcci\u00f3n email del Responsable del tratamiento : recepcio@stiv.cat Finalidades En cumplimiento de [&hellip;]\" \/>\n<meta property=\"og:url\" content=\"https:\/\/stiv.cat\/es\/politica-de-privacidad\/\" \/>\n<meta property=\"og:site_name\" content=\"STIV\" \/>\n<meta property=\"article:modified_time\" content=\"2025-01-17T08:01:25+00:00\" \/>\n<meta name=\"twitter:card\" content=\"summary_large_image\" \/>\n<meta name=\"twitter:label1\" value=\"Escrito por\">\n\t<meta name=\"twitter:data1\" value=\"albert\">\n\t<meta name=\"twitter:label2\" value=\"Tiempo de lectura\">\n\t<meta name=\"twitter:data2\" value=\"3 minutos\">\n<script type=\"application\/ld+json\" class=\"yoast-schema-graph\">{\"@context\":\"https:\/\/schema.org\",\"@graph\":[{\"@type\":\"WebSite\",\"@id\":\"https:\/\/stiv.cat\/ca\/#website\",\"url\":\"https:\/\/stiv.cat\/ca\/\",\"name\":\"STIV\",\"description\":\"Serveis T\\u00e8cnics Industrials del Vall\\u00e8s, S.L\",\"potentialAction\":[{\"@type\":\"SearchAction\",\"target\":\"https:\/\/stiv.cat\/ca\/?s={search_term_string}\",\"query-input\":\"required name=search_term_string\"}],\"inLanguage\":\"es\"},{\"@type\":\"WebPage\",\"@id\":\"https:\/\/stiv.cat\/es\/politica-de-privacidad\/#webpage\",\"url\":\"https:\/\/stiv.cat\/es\/politica-de-privacidad\/\",\"name\":\"Pol\\u00edtica de privacidad - STIV\",\"isPartOf\":{\"@id\":\"https:\/\/stiv.cat\/ca\/#website\"},\"datePublished\":\"2020-07-30T15:30:37+00:00\",\"dateModified\":\"2025-01-17T08:01:25+00:00\",\"inLanguage\":\"es\",\"potentialAction\":[{\"@type\":\"ReadAction\",\"target\":[\"https:\/\/stiv.cat\/es\/politica-de-privacidad\/\"]}]}]}<\/script>\n<!-- \/ Yoast SEO Premium plugin. -->","_links":{"self":[{"href":"https:\/\/stiv.cat\/es\/wp-json\/wp\/v2\/pages\/3"}],"collection":[{"href":"https:\/\/stiv.cat\/es\/wp-json\/wp\/v2\/pages"}],"about":[{"href":"https:\/\/stiv.cat\/es\/wp-json\/wp\/v2\/types\/page"}],"author":[{"embeddable":true,"href":"https:\/\/stiv.cat\/es\/wp-json\/wp\/v2\/users\/1"}],"replies":[{"embeddable":true,"href":"https:\/\/stiv.cat\/es\/wp-json\/wp\/v2\/comments?post=3"}],"version-history":[{"count":0,"href":"https:\/\/stiv.cat\/es\/wp-json\/wp\/v2\/pages\/3\/revisions"}],"wp:attachment":[{"href":"https:\/\/stiv.cat\/es\/wp-json\/wp\/v2\/media?parent=3"}],"curies":[{"name":"wp","href":"https:\/\/api.w.org\/{rel}","templated":true}]}}